{"id":1445,"date":"2024-06-08T10:17:13","date_gmt":"2024-06-08T08:17:13","guid":{"rendered":"https:\/\/www.grundschuleerichkaestner.de\/?page_id=1445"},"modified":"2024-06-08T10:44:14","modified_gmt":"2024-06-08T08:44:14","slug":"sprachheilklassen","status":"publish","type":"page","link":"https:\/\/www.grundschuleerichkaestner.de\/?page_id=1445","title":{"rendered":"Sprachheilklassen"},"content":{"rendered":"\n<div class=\"wp-block-media-text alignwide is-stacked-on-mobile\" style=\"grid-template-columns:23% auto\"><figure class=\"wp-block-media-text__media\"><img decoding=\"async\" loading=\"lazy\" width=\"421\" height=\"591\" src=\"https:\/\/www.grundschuleerichkaestner.de\/wp-content\/uploads\/2024\/06\/Marsmaennchen.jpg\" alt=\"\" class=\"wp-image-1446 size-full\" srcset=\"https:\/\/www.grundschuleerichkaestner.de\/wp-content\/uploads\/2024\/06\/Marsmaennchen.jpg 421w, https:\/\/www.grundschuleerichkaestner.de\/wp-content\/uploads\/2024\/06\/Marsmaennchen-214x300.jpg 214w\" sizes=\"(max-width: 421px) 100vw, 421px\" \/><\/figure><div class=\"wp-block-media-text__content\">\n<p><strong>Lesen lernen mit den Marsm\u00e4nnchen<\/strong><\/p>\n\n\n\n<p>Mit Ma, Si, Ro, Lu, No und Fe lernen Kinder mit dem sonderp\u00e4dagogischen F\u00f6rderschwerpunkt Sprache an der Grundschule Erich K\u00e4stner lesen und schreiben. Nach der intensiven Erarbeitung der Vokale zum Schulstart landet etwa ab Oktober alle zwei Wochen ein neues Raumschiff mit einem neuen Konsonanten, der eine neue \u201eMarsm\u00e4nnchenfamilie\u201c bildet.<\/p>\n\n\n\n<p>Kinder mit erheblichen St\u00f6rungen oder Verz\u00f6gerungen auf mehreren oder allen sprachlichen Ebenen k\u00f6nnen in unseren Sprachheilklassen aus dem Landkreis Dahme-Spreewald speziell gef\u00f6rdert werden. Voraussetzung ist ein Feststellungsverfahren, welches den sonderp\u00e4dagogischen F\u00f6rderbedarf Sprache vor Schuleintritt feststellt. In einem gesch\u00fctzten Rahmen von maximal 12 Kindern erlernen sie unter sprachheilp\u00e4dagogischer Anleitung die Lautbildung und Lautdifferenzierung sowie den Schreibablauf jedes einzelnen Lautes. T\u00e4glich werden ritualisiert die Mundmotorik mit der Handpuppe Mario trainiert, erste W\u00f6rter gelesen und kurze S\u00e4tze gebildet.<\/p>\n\n\n\n<p>Seit 1998 hat sich das Konzept der Sprachheilklassen an der Grundschule Erich K\u00e4stner bew\u00e4hrt und stetig weiter entwickelt. Der Deutschunterricht orientiert sich am Kieler Lese- und Rechtschreibaufbau. Mit Unterst\u00fctzung der Kieler Lautgeb\u00e4rden lernen die Kinder in einem (im Vergleich zum Unterricht in einer Regelklasse) langsameren Tempo erst die einfach zu bildende Laute (M, R und S) und nach und nach auch alle weiteren Konsonanten kennen. Der Lautspracherwerb zieht sich daher noch bis etwa zur Mitte des zweiten Schuljahres. Trotzdem werden am vorhandenen Lautinventar auch die unterrichtsrelevanten Inhalte der zweiten Klasse wie die Wortarten und Satzeichen behandelt.<\/p>\n\n\n\n<p>Die Kinder der Sprachheilklassen nehmen an klassen\u00fcbergreifenden Projekten und Ausfl\u00fcgen sowie an alle schulischen Veranstaltungen teil. Den j\u00e4hrlichen H\u00f6hepunkt bildet eine gemeinsame Klassenfahrt der beiden Sprachheilklassen.<\/p>\n\n\n\n<p>In zwei Schuljahren k\u00f6nnen Kinder sich in ihrer sprachlichen Kompetenz soweit entwickeln, dass ein \u00dcbergang in die dritte Klasse der wohnortnahen Grundschule m\u00f6glich ist. Diese lernen sie seit der Einschulung durch den Besuch des schuleigenen Hortes kennen. Dadurch sind sie trotz des Besuches der Sprachheilklasse an ihrem Wohnort stets sozial eingebunden.<\/p>\n\n\n\n<p><strong>Wie kann ein Kind in die Sprachheilklasse eingeschult werden?<\/strong><br>Um eine Einschulung in die Sprachheilklasse zu erm\u00f6glichen, k\u00f6nnen interessierte Eltern an der zust\u00e4ndigen Stammgrundschule einen Antrag auf Feststellung des sonderp\u00e4dagogischen F\u00f6rderbedarfs stellen (bis Mitte Dezember). Die sonderp\u00e4dagogische Stellungnahme wird auf Grund einer genauen Diagnose von einer beauftragten sonderp\u00e4dagogischen Fachkraft angefertigt.<\/p>\n\n\n\n<p>Der F\u00f6rderausschuss legt fest, ob das Kind in die Sprachlernklasse aufgenommen wird.<\/p>\n\n\n\n<div class=\"wp-block-media-text alignwide is-stacked-on-mobile\"><figure class=\"wp-block-media-text__media\"><img decoding=\"async\" loading=\"lazy\" width=\"300\" height=\"203\" src=\"https:\/\/www.grundschuleerichkaestner.de\/wp-content\/uploads\/2024\/06\/Silbenteppich-1-e1717836026649.jpg\" alt=\"\" class=\"wp-image-1455 size-full\"\/><\/figure><div class=\"wp-block-media-text__content\">\n<p><\/p>\n\n\n\n<div class=\"wp-block-buttons is-layout-flex\">\n<div class=\"wp-block-button\"><a class=\"wp-block-button__link wp-element-button\" href=\"https:\/\/www.grundschuleerichkaestner.de\/wp-content\/uploads\/2024\/06\/flyersprachheilklasse.pdf\" target=\"_blank\" rel=\"noreferrer noopener\">Flyer Sprachheilklassen<\/a><\/div>\n<\/div>\n<\/div><\/div>\n<\/div><\/div>\n\n\n\n<p><\/p>\n","protected":false},"excerpt":{"rendered":"","protected":false},"author":2,"featured_media":1446,"parent":0,"menu_order":0,"comment_status":"closed","ping_status":"closed","template":"","meta":{"site-sidebar-layout":"default","site-content-layout":"","ast-site-content-layout":"default","site-content-style":"default","site-sidebar-style":"default","ast-global-header-display":"","ast-banner-title-visibility":"","ast-main-header-display":"","ast-hfb-above-header-display":"","ast-hfb-below-header-display":"","ast-hfb-mobile-header-display":"","site-post-title":"","ast-breadcrumbs-content":"","ast-featured-img":"disabled","footer-sml-layout":"","theme-transparent-header-meta":"","adv-header-id-meta":"","stick-header-meta":"","header-above-stick-meta":"","header-main-stick-meta":"","header-below-stick-meta":"","astra-migrate-meta-layouts":"set"},"_links":{"self":[{"href":"https:\/\/www.grundschuleerichkaestner.de\/index.php?rest_route=\/wp\/v2\/pages\/1445"}],"collection":[{"href":"https:\/\/www.grundschuleerichkaestner.de\/index.php?rest_route=\/wp\/v2\/pages"}],"about":[{"href":"https:\/\/www.grundschuleerichkaestner.de\/index.php?rest_route=\/wp\/v2\/types\/page"}],"author":[{"embeddable":true,"href":"https:\/\/www.grundschuleerichkaestner.de\/index.php?rest_route=\/wp\/v2\/users\/2"}],"replies":[{"embeddable":true,"href":"https:\/\/www.grundschuleerichkaestner.de\/index.php?rest_route=%2Fwp%2Fv2%2Fcomments&post=1445"}],"version-history":[{"count":9,"href":"https:\/\/www.grundschuleerichkaestner.de\/index.php?rest_route=\/wp\/v2\/pages\/1445\/revisions"}],"predecessor-version":[{"id":1461,"href":"https:\/\/www.grundschuleerichkaestner.de\/index.php?rest_route=\/wp\/v2\/pages\/1445\/revisions\/1461"}],"wp:featuredmedia":[{"embeddable":true,"href":"https:\/\/www.grundschuleerichkaestner.de\/index.php?rest_route=\/wp\/v2\/media\/1446"}],"wp:attachment":[{"href":"https:\/\/www.grundschuleerichkaestner.de\/index.php?rest_route=%2Fwp%2Fv2%2Fmedia&parent=1445"}],"curies":[{"name":"wp","href":"https:\/\/api.w.org\/{rel}","templated":true}]}}